{"id":217,"date":"2024-11-29T09:38:32","date_gmt":"2024-11-29T09:38:32","guid":{"rendered":"https:\/\/env-in-cent.hu\/?post_type=szolgaltatasaink&#038;p=217"},"modified":"2024-12-07T14:40:10","modified_gmt":"2024-12-07T14:40:10","slug":"kornyezeti-hatasvizsgalat","status":"publish","type":"szolgaltatasaink","link":"https:\/\/env-in-cent.hu\/en\/services\/environmental-impact-assessment\/","title":{"rendered":"K\u00f6rnyezeti hat\u00e1svizsg\u00e1lat"},"content":{"rendered":"<p style=\"text-align: justify;\"><span style=\"font-size: x-small;\"><strong>\u00a0<\/strong><\/span><\/p>\n<p style=\"text-align: justify;\">A jelent\u0151s ter\u00fclet- \u00e9s k\u00f6rnyezethaszn\u00e1lattal vagy k\u00f6rnyezeti kock\u00e1zattal j\u00e1r\u00f3 fejleszt\u00e9seknek, beruh\u00e1z\u00e1soknak megval\u00f3s\u00edt\u00e1suk el\u0151tt (az \u00e9p\u00edt\u00e9si enged\u00e9ly megk\u00e9r\u00e9se el\u0151tt) k\u00f6rnyezetv\u00e9delmi enged\u00e9lyt kell szerezni\u00fck, amely k\u00f6rnyezeti hat\u00e1svizsg\u00e1lat (KHV) lefolytat\u00e1s\u00e1t teszi sz\u00fcks\u00e9gess\u00e9. Egyes ipari tev\u00e9kenys\u00e9gek eset\u00e9ben a v\u00e1llalatoknak meg kell szerezni\u00fck az egys\u00e9ges k\u00f6rnyezethaszn\u00e1lati enged\u00e9lyt, melyeket meghat\u00e1rozott id\u0151k\u00f6z\u00f6nk\u00e9nt fel\u00fcl kell vizsg\u00e1lni. A k\u00f6rnyezetv\u00e9delmi hat\u00f3s\u00e1g az ipari v\u00e1llalatokn\u00e1l (k\u00f6rnyezethaszn\u00e1l\u00f3kn\u00e1l) k\u00f6rnyezetv\u00e9delmi fel\u00fclvizsg\u00e1latot rendelhet el.\u00a0 A k\u00f6rnyezeti hat\u00e1svizsg\u00e1lat \u00e9s fel\u00fclvizsg\u00e1lat, illetve az enged\u00e9lyez\u00e9si dokument\u00e1ci\u00f3 elk\u00e9sz\u00edt\u00e9se a v\u00e1llalatok bels\u0151 tud\u00e1sb\u00e1zis\u00e1n t\u00f6bbnyire nem val\u00f3s\u00edthat\u00f3 meg.<\/p>\n<p style=\"text-align: justify;\"><strong>T\u00e1rsas\u00e1gunk sz\u00e9lesk\u00f6r\u0171 tapasztalatokkal rendelkezik a k\u00f6rnyezeti hat\u00e1stanulm\u00e1nyok kidolgoz\u00e1sa, k\u00fcl\u00f6nf\u00e9le beruh\u00e1z\u00e1sok enged\u00e9lyeztet\u00e9se ter\u00e9n, tov\u00e1bb\u00e1 az egys\u00e9ges k\u00f6rnyezethaszn\u00e1lati enged\u00e9lyez\u00e9sek \u00e9s fel\u00fclvizsg\u00e1latok lebonyol\u00edt\u00e1sa sor\u00e1n:<\/strong><\/p>\n<p style=\"text-align: justify;\"><strong>\u00a0<\/strong><\/p>\n<p style=\"text-align: justify;\">\u00a0<span style=\"color: #cc0033;\"><strong>\u2666<\/strong>\u00a0 <\/span>k\u00f6rnyezeti hat\u00e1svizsg\u00e1lat lefolytat\u00e1sa, el\u0151zetes vizsg\u00e1lati dokument\u00e1ci\u00f3 \u00f6ssze\u00e1ll\u00edt\u00e1sa,<\/p>\n<p style=\"text-align: justify;\">\n<p style=\"text-align: justify;\">\u00a0<span style=\"color: #cc0033;\"><strong>\u2666<\/strong>\u00a0 <\/span>a v\u00e1llalat \u00e1ltal ny\u00fajtott technol\u00f3giai \u00e9s gazdas\u00e1gi adatok, inform\u00e1ci\u00f3k feldolgoz\u00e1s\u00e1val \u00e9s \u00e9rt\u00e9kel\u00e9s\u00e9vel az enged\u00e9lyez\u00e9si dokument\u00e1ci\u00f3 \u00f6ssze\u00e1ll\u00edt\u00e1sa,<\/p>\n<p style=\"text-align: justify;\">\n<p style=\"text-align: justify;\">\u00a0<span style=\"color: #cc0033;\"><strong>\u2666<\/strong>\u00a0 <\/span>kapcsolattart\u00e1s \u00e9s kommunik\u00e1ci\u00f3 az \u00e9rintett hat\u00f3s\u00e1gokkal,<\/p>\n<p style=\"text-align: justify;\">\n<p style=\"text-align: justify;\">\u00a0<span style=\"color: #cc0033;\"><strong>\u2666<\/strong>\u00a0 <\/span>az \u00e9p\u00edt\u00e9si enged\u00e9lyez\u00e9si dokument\u00e1ci\u00f3hoz sz\u00fcks\u00e9ges k\u00f6rnyezetv\u00e9delmi tervfejezet kidolgoz\u00e1sa,<\/p>\n<p style=\"text-align: justify;\">\n<p style=\"text-align: justify;\">\u00a0<span style=\"color: #cc0033;\"><strong>\u2666<\/strong>\u00a0 <\/span>a k\u00f6rnyezetv\u00e9delmi enged\u00e9ly megszerz\u00e9s\u00e9nek teljesk\u00f6r\u0171 menedzsel\u00e9se.<\/p>\n<p style=\"text-align: justify;\">\n<p style=\"text-align: justify;\">Ha szolg\u00e1ltat\u00e1sunk ir\u00e1nt tov\u00e1bbi inform\u00e1ci\u00f3kra van sz\u00fcks\u00e9ge, forduljon <a href=\"\/munkatarsaink\/\">Dr. P\u00e1lv\u00f6lgy Tam\u00e1s<\/a> igazgat\u00f3hoz.<\/p>\n","protected":false},"excerpt":{"rendered":"<p>\u00a0 A jelent\u0151s ter\u00fclet- \u00e9s k\u00f6rnyezethaszn\u00e1lattal vagy k\u00f6rnyezeti kock\u00e1zattal j\u00e1r\u00f3 fejleszt\u00e9seknek, beruh\u00e1z\u00e1soknak megval\u00f3s\u00edt\u00e1suk el\u0151tt (az \u00e9p\u00edt\u00e9si enged\u00e9ly megk\u00e9r\u00e9se el\u0151tt) k\u00f6rnyezetv\u00e9delmi enged\u00e9lyt kell szerezni\u00fck, amely k\u00f6rnyezeti hat\u00e1svizsg\u00e1lat (KHV) lefolytat\u00e1s\u00e1t teszi sz\u00fcks\u00e9gess\u00e9. Egyes ipari tev\u00e9kenys\u00e9gek eset\u00e9ben a v\u00e1llalatoknak meg kell szerezni\u00fck az egys\u00e9ges k\u00f6rnyezethaszn\u00e1lati enged\u00e9lyt, melyeket meghat\u00e1rozott id\u0151k\u00f6z\u00f6nk\u00e9nt fel\u00fcl kell vizsg\u00e1lni. A k\u00f6rnyezetv\u00e9delmi hat\u00f3s\u00e1g az ipari v\u00e1llalatokn\u00e1l [&hellip;]<\/p>\n","protected":false},"featured_media":0,"parent":0,"template":"","class_list":["post-217","szolgaltatasaink","type-szolgaltatasaink","status-publish","hentry"],"yoast_head":"<!-- This site is optimized with the Yoast SEO plugin v23.9 - https:\/\/yoast.com\/wordpress\/plugins\/seo\/ -->\n<title>K\u00f6rnyezeti hat\u00e1svizsg\u00e1lat - Env-in-Cent<\/title>\n<meta name=\"robots\" content=\"noindex, follow, max-snippet:-1, max-image-preview:large, max-video-preview:-1\" \/>\n<meta property=\"og:locale\" content=\"en_GB\" \/>\n<meta property=\"og:type\" content=\"article\" \/>\n<meta property=\"og:title\" content=\"K\u00f6rnyezeti hat\u00e1svizsg\u00e1lat - Env-in-Cent\" \/>\n<meta property=\"og:description\" content=\"\u00a0 A jelent\u0151s ter\u00fclet- \u00e9s k\u00f6rnyezethaszn\u00e1lattal vagy k\u00f6rnyezeti kock\u00e1zattal j\u00e1r\u00f3 fejleszt\u00e9seknek, beruh\u00e1z\u00e1soknak megval\u00f3s\u00edt\u00e1suk el\u0151tt (az \u00e9p\u00edt\u00e9si enged\u00e9ly megk\u00e9r\u00e9se el\u0151tt) k\u00f6rnyezetv\u00e9delmi enged\u00e9lyt kell szerezni\u00fck, amely k\u00f6rnyezeti hat\u00e1svizsg\u00e1lat (KHV) lefolytat\u00e1s\u00e1t teszi sz\u00fcks\u00e9gess\u00e9. Egyes ipari tev\u00e9kenys\u00e9gek eset\u00e9ben a v\u00e1llalatoknak meg kell szerezni\u00fck az egys\u00e9ges k\u00f6rnyezethaszn\u00e1lati enged\u00e9lyt, melyeket meghat\u00e1rozott id\u0151k\u00f6z\u00f6nk\u00e9nt fel\u00fcl kell vizsg\u00e1lni. A k\u00f6rnyezetv\u00e9delmi hat\u00f3s\u00e1g az ipari v\u00e1llalatokn\u00e1l [&hellip;]\" \/>\n<meta property=\"og:url\" content=\"https:\/\/env-in-cent.hu\/en\/services\/environmental-impact-assessment\/\" \/>\n<meta property=\"og:site_name\" content=\"Env-in-Cent\" \/>\n<meta property=\"article:modified_time\" content=\"2024-12-07T14:40:10+00:00\" \/>\n<meta name=\"twitter:card\" content=\"summary_large_image\" \/>\n<meta name=\"twitter:label1\" content=\"Estimated reading time\" \/>\n\t<meta name=\"twitter:data1\" content=\"1 minute\" \/>\n<script type=\"application\/ld+json\" class=\"yoast-schema-graph\">{\"@context\":\"https:\/\/schema.org\",\"@graph\":[{\"@type\":\"WebPage\",\"@id\":\"https:\/\/env-in-cent.hu\/szolgaltatasaink\/kornyezeti-hatasvizsgalat\/\",\"url\":\"https:\/\/env-in-cent.hu\/szolgaltatasaink\/kornyezeti-hatasvizsgalat\/\",\"name\":\"K\u00f6rnyezeti hat\u00e1svizsg\u00e1lat - Env-in-Cent\",\"isPartOf\":{\"@id\":\"https:\/\/env-in-cent.hu\/#website\"},\"datePublished\":\"2024-11-29T09:38:32+00:00\",\"dateModified\":\"2024-12-07T14:40:10+00:00\",\"breadcrumb\":{\"@id\":\"https:\/\/env-in-cent.hu\/szolgaltatasaink\/kornyezeti-hatasvizsgalat\/#breadcrumb\"},\"inLanguage\":\"en-GB\",\"potentialAction\":[{\"@type\":\"ReadAction\",\"target\":[\"https:\/\/env-in-cent.hu\/szolgaltatasaink\/kornyezeti-hatasvizsgalat\/\"]}]},{\"@type\":\"BreadcrumbList\",\"@id\":\"https:\/\/env-in-cent.hu\/szolgaltatasaink\/kornyezeti-hatasvizsgalat\/#breadcrumb\",\"itemListElement\":[{\"@type\":\"ListItem\",\"position\":1,\"name\":\"Kezd\u0151lap\",\"item\":\"https:\/\/env-in-cent.hu\/\"},{\"@type\":\"ListItem\",\"position\":2,\"name\":\"Szolg\u00e1ltat\u00e1saink\",\"item\":\"https:\/\/env-in-cent.hu\/szolgaltatasaink\/\"},{\"@type\":\"ListItem\",\"position\":3,\"name\":\"K\u00f6rnyezeti hat\u00e1svizsg\u00e1lat\"}]},{\"@type\":\"WebSite\",\"@id\":\"https:\/\/env-in-cent.hu\/#website\",\"url\":\"https:\/\/env-in-cent.hu\/\",\"name\":\"Env-in-Cent\",\"description\":\"Env-in-Cent K\u00f6rnyezetv\u00e9delmi Tan\u00e1csad\u00f3 Iroda Kft.\",\"publisher\":{\"@id\":\"https:\/\/env-in-cent.hu\/#organization\"},\"potentialAction\":[{\"@type\":\"SearchAction\",\"target\":{\"@type\":\"EntryPoint\",\"urlTemplate\":\"https:\/\/env-in-cent.hu\/?s={search_term_string}\"},\"query-input\":{\"@type\":\"PropertyValueSpecification\",\"valueRequired\":true,\"valueName\":\"search_term_string\"}}],\"inLanguage\":\"en-GB\"},{\"@type\":\"Organization\",\"@id\":\"https:\/\/env-in-cent.hu\/#organization\",\"name\":\"Env-in-Cent\",\"url\":\"https:\/\/env-in-cent.hu\/\",\"logo\":{\"@type\":\"ImageObject\",\"inLanguage\":\"en-GB\",\"@id\":\"https:\/\/env-in-cent.hu\/#\/schema\/logo\/image\/\",\"url\":\"https:\/\/env-in-cent.hu\/wp-content\/uploads\/2024\/11\/logo.jpg\",\"contentUrl\":\"https:\/\/env-in-cent.hu\/wp-content\/uploads\/2024\/11\/logo.jpg\",\"width\":170,\"height\":62,\"caption\":\"Env-in-Cent\"},\"image\":{\"@id\":\"https:\/\/env-in-cent.hu\/#\/schema\/logo\/image\/\"}}]}<\/script>\n<!-- \/ Yoast SEO plugin. -->","yoast_head_json":{"title":"K\u00f6rnyezeti hat\u00e1svizsg\u00e1lat - Env-in-Cent","robots":{"index":"noindex","follow":"follow","max-snippet":"max-snippet:-1","max-image-preview":"max-image-preview:large","max-video-preview":"max-video-preview:-1"},"og_locale":"en_GB","og_type":"article","og_title":"K\u00f6rnyezeti hat\u00e1svizsg\u00e1lat - Env-in-Cent","og_description":"\u00a0 A jelent\u0151s ter\u00fclet- \u00e9s k\u00f6rnyezethaszn\u00e1lattal vagy k\u00f6rnyezeti kock\u00e1zattal j\u00e1r\u00f3 fejleszt\u00e9seknek, beruh\u00e1z\u00e1soknak megval\u00f3s\u00edt\u00e1suk el\u0151tt (az \u00e9p\u00edt\u00e9si enged\u00e9ly megk\u00e9r\u00e9se el\u0151tt) k\u00f6rnyezetv\u00e9delmi enged\u00e9lyt kell szerezni\u00fck, amely k\u00f6rnyezeti hat\u00e1svizsg\u00e1lat (KHV) lefolytat\u00e1s\u00e1t teszi sz\u00fcks\u00e9gess\u00e9. Egyes ipari tev\u00e9kenys\u00e9gek eset\u00e9ben a v\u00e1llalatoknak meg kell szerezni\u00fck az egys\u00e9ges k\u00f6rnyezethaszn\u00e1lati enged\u00e9lyt, melyeket meghat\u00e1rozott id\u0151k\u00f6z\u00f6nk\u00e9nt fel\u00fcl kell vizsg\u00e1lni. A k\u00f6rnyezetv\u00e9delmi hat\u00f3s\u00e1g az ipari v\u00e1llalatokn\u00e1l [&hellip;]","og_url":"https:\/\/env-in-cent.hu\/en\/services\/environmental-impact-assessment\/","og_site_name":"Env-in-Cent","article_modified_time":"2024-12-07T14:40:10+00:00","twitter_card":"summary_large_image","twitter_misc":{"Estimated reading time":"1 minute"},"schema":{"@context":"https:\/\/schema.org","@graph":[{"@type":"WebPage","@id":"https:\/\/env-in-cent.hu\/szolgaltatasaink\/kornyezeti-hatasvizsgalat\/","url":"https:\/\/env-in-cent.hu\/szolgaltatasaink\/kornyezeti-hatasvizsgalat\/","name":"K\u00f6rnyezeti hat\u00e1svizsg\u00e1lat - Env-in-Cent","isPartOf":{"@id":"https:\/\/env-in-cent.hu\/#website"},"datePublished":"2024-11-29T09:38:32+00:00","dateModified":"2024-12-07T14:40:10+00:00","breadcrumb":{"@id":"https:\/\/env-in-cent.hu\/szolgaltatasaink\/kornyezeti-hatasvizsgalat\/#breadcrumb"},"inLanguage":"en-GB","potentialAction":[{"@type":"ReadAction","target":["https:\/\/env-in-cent.hu\/szolgaltatasaink\/kornyezeti-hatasvizsgalat\/"]}]},{"@type":"BreadcrumbList","@id":"https:\/\/env-in-cent.hu\/szolgaltatasaink\/kornyezeti-hatasvizsgalat\/#breadcrumb","itemListElement":[{"@type":"ListItem","position":1,"name":"Kezd\u0151lap","item":"https:\/\/env-in-cent.hu\/"},{"@type":"ListItem","position":2,"name":"Szolg\u00e1ltat\u00e1saink","item":"https:\/\/env-in-cent.hu\/szolgaltatasaink\/"},{"@type":"ListItem","position":3,"name":"K\u00f6rnyezeti hat\u00e1svizsg\u00e1lat"}]},{"@type":"WebSite","@id":"https:\/\/env-in-cent.hu\/#website","url":"https:\/\/env-in-cent.hu\/","name":"Env-in-Cent","description":"Env-in-Cent K\u00f6rnyezetv\u00e9delmi Tan\u00e1csad\u00f3 Iroda Kft.","publisher":{"@id":"https:\/\/env-in-cent.hu\/#organization"},"potentialAction":[{"@type":"SearchAction","target":{"@type":"EntryPoint","urlTemplate":"https:\/\/env-in-cent.hu\/?s={search_term_string}"},"query-input":{"@type":"PropertyValueSpecification","valueRequired":true,"valueName":"search_term_string"}}],"inLanguage":"en-GB"},{"@type":"Organization","@id":"https:\/\/env-in-cent.hu\/#organization","name":"Env-in-Cent","url":"https:\/\/env-in-cent.hu\/","logo":{"@type":"ImageObject","inLanguage":"en-GB","@id":"https:\/\/env-in-cent.hu\/#\/schema\/logo\/image\/","url":"https:\/\/env-in-cent.hu\/wp-content\/uploads\/2024\/11\/logo.jpg","contentUrl":"https:\/\/env-in-cent.hu\/wp-content\/uploads\/2024\/11\/logo.jpg","width":170,"height":62,"caption":"Env-in-Cent"},"image":{"@id":"https:\/\/env-in-cent.hu\/#\/schema\/logo\/image\/"}}]}},"_links":{"self":[{"href":"https:\/\/env-in-cent.hu\/en\/wp-json\/wp\/v2\/szolgaltatasaink\/217","targetHints":{"allow":["GET"]}}],"collection":[{"href":"https:\/\/env-in-cent.hu\/en\/wp-json\/wp\/v2\/szolgaltatasaink"}],"about":[{"href":"https:\/\/env-in-cent.hu\/en\/wp-json\/wp\/v2\/types\/szolgaltatasaink"}],"wp:attachment":[{"href":"https:\/\/env-in-cent.hu\/en\/wp-json\/wp\/v2\/media?parent=217"}],"curies":[{"name":"wp","href":"https:\/\/api.w.org\/{rel}","templated":true}]}}