{"id":242,"date":"2024-11-29T12:32:52","date_gmt":"2024-11-29T12:32:52","guid":{"rendered":"https:\/\/env-in-cent.hu\/?post_type=referenciaink&#038;p=242"},"modified":"2024-12-14T12:08:27","modified_gmt":"2024-12-14T12:08:27","slug":"eghajlatvedelem-es-az-energiagazdalkodas","status":"publish","type":"referenciaink","link":"https:\/\/env-in-cent.hu\/en\/references\/fields-of-climate-change-and-energy\/","title":{"rendered":"\u00c9ghajlatv\u00e9delem \u00e9s az energiagazd\u00e1lkod\u00e1s"},"content":{"rendered":"\n<h2 class=\"wp-block-heading\">2024. \u00e9v<\/h2>\n\n\n\n<ul class=\"wp-block-list\">\n<li>Tan\u00e1csad\u00f3i k\u00f6zrem\u0171k\u00f6d\u00e9s a &#8222;Kl\u00edma \u00e9s biztons\u00e1g Magyarorsz\u00e1gon-II&#8221; c\u00edm\u0171 projektben<\/li>\n<\/ul>\n\n\n\n<h2 class=\"wp-block-heading\">2023. \u00e9v<\/h2>\n\n\n\n<ul class=\"wp-block-list\">\n<li>Tan\u00e1csad\u00f3i k\u00f6zrem\u0171k\u00f6d\u00e9s a &#8222;Kl\u00edma \u00e9s biztons\u00e1g Magyarorsz\u00e1gon&#8221; c\u00edm\u0171 projektben<\/li>\n\n\n\n<li>Budapest F\u0151v\u00e1ros X. ker\u00fclet K\u0151b\u00e1nyai \u00d6nkorm\u00e1nyzat Fenntarthat\u00f3 Energi- \u00e9s Kl\u00edma Akci\u00f3terv (SECAP) monitoring jelent\u00e9s\u00e9nek kidolgoz\u00e1sa<\/li>\n<\/ul>\n\n\n\n<h2 class=\"wp-block-heading\">2022. \u00e9v<\/h2>\n\n\n\n<ul class=\"wp-block-list\">\n<li>Tisza\u00fajv\u00e1ros V\u00e1ros \u00d6nkorm\u00e1nyzata Fenntarthat\u00f3 Energia-Kl\u00edma Akci\u00f3terv (SECAP) monitoring jelent\u00e9s\u00e9nek kidolgoz\u00e1sa<\/li>\n\n\n\n<li>\u00c9ghajlati hat\u00e1s\u00e9rt\u00e9kel\u00e9s \u00e9s kock\u00e1zatelemz\u00e9s P\u00fcsp\u00f6kszil\u00e1gy t\u00e9rs\u00e9g\u00e9re<\/li>\n<\/ul>\n\n\n\n<h2 class=\"wp-block-heading\"><p class=\"MsoNormal\" style=\"margin: 0cm 0cm 8pt; line-height: 18.4px; font-size: medium; font-family: Aptos, sans-serif; font-weight: 400; white-space: normal;\"><\/p>2021. \u00e9v<\/h2>\n\n\n\n<ul class=\"wp-block-list\">\n<li>Fenntarthat\u00f3 Energia \u00e9s Kl\u00edma Akci\u00f3terv (SECAP) kidolgoz\u00e1sa Budapest X. Ker\u00fclet K\u0151b\u00e1nya \u00d6nkorm\u00e1nyzata sz\u00e1m\u00e1ra<\/li>\n\n\n\n<li>Budapest F\u0151v\u00e1ros XII. ker\u00fclet Hegyvid\u00e9ki \u00d6nkorm\u00e1nyzat illet\u00e9kess\u00e9gi ter\u00fclet\u00e9re Kl\u00edmastrat\u00e9gia kidolgoz\u00e1s<\/li>\n<\/ul>\n\n\n\n<h2 class=\"wp-block-heading\"><strong>2020. \u00e9v<\/strong><\/h2>\n\n\n\n<ul class=\"wp-block-list\">\n<li>Fenntarthat\u00f3 Energia \u00e9s Kl\u00edma Akci\u00f3terv kidolgoz\u00e1sa Budapest F\u0151v\u00e1ros XX. ker\u00fclet Pesterzs\u00e9bet \u00d6nkorm\u00e1nyzata r\u00e9sz\u00e9re<\/li>\n<\/ul>\n\n\n\n<h2 class=\"wp-block-heading\"><strong>2019. \u00e9v<\/strong><\/h2>\n\n\n\n<ul class=\"wp-block-list\">\n<li>Budapest F\u0151v\u00e1ros XII. ker\u00fclet Hegyvid\u00e9ki \u00d6nkorm\u00e1nyzat illet\u00e9kess\u00e9gi ter\u00fclet\u00e9re elfogadott SECAP programelemeinek v\u00e9grehajt\u00e1sa<\/li>\n\n\n\n<li>K\u00f6zrem\u0171k\u00f6d\u00e9s Fenntarthat\u00f3 Energia Akci\u00f3tervek kidolgoz\u00e1s\u00e1ban Encs, Tolcsva, B\u0151cs, Kistokaj, B\u00fckk\u00e1br\u00e1ny telep\u00fcl\u00e9sek r\u00e9sz\u00e9re<\/li>\n\n\n\n<li>K\u00f6zrem\u0171k\u00f6d\u00e9s Kisv\u00e1rda V\u00e1ros r\u00e9sz\u00e9re k\u00e9sz\u00edtend\u0151 Fenntarthat\u00f3 Energia- \u00e9s Kl\u00edma Akci\u00f3terv (SECAP) k\u00e9sz\u00edt\u00e9s\u00e9ben<\/li>\n\n\n\n<li>Telep\u00fcl\u00e9s-vezet\u0151i \u00c9ghajlati Akad\u00e9mia (T\u00c9A) koncepci\u00f3 \u00e9s programterv kidolgoz\u00e1sa<\/li>\n<\/ul>\n\n\n\n<h2 class=\"wp-block-heading\"><strong>2018. \u00e9v<\/strong><\/h2>\n\n\n\n<ul class=\"wp-block-list\">\n<li>Kl\u00edmastrat\u00e9gi\u00e1k kidolgoz\u00e1s\u00e1hoz kapcsol\u00f3d\u00f3 m\u00f3dszertan- \u00e9s kapacit\u00e1sfejleszt\u00e9s, valamint szeml\u00e9letform\u00e1l\u00e1s projekt keret\u00e9ben k\u00e9pz\u00e9si m\u00f3dszertan \u00e9s tananyagfejleszt\u00e9s min\u0151s\u00e9gbiztos\u00edt\u00e1sa<\/li>\n\n\n\n<li>\u00c9ghajlatv\u00e9delmi k\u00e9pz\u00e9sek az \u00f6nkorm\u00e1nyzati \u00e9s k\u00f6z\u00fczemi v\u00e1llalatok, v\u00e1rostervez\u00e9si \u00e9s v\u00e1rosgazd\u00e1lkod\u00e1si t\u00e1rsas\u00e1gok vezet\u0151i sz\u00e1m\u00e1ra projekt keret\u00e9ben a k\u00e9pz\u00e9si m\u00f3dszertan min\u0151s\u00e9gbiztos\u00edt\u00e1sa<\/li>\n\n\n\n<li>K\u00f6zrem\u0171k\u00f6d\u00e9s Tisza\u00fajv\u00e1ros V\u00e1ros Fenntarthat\u00f3 Energia Akci\u00f3terv\u00e9nek (SEAP) fel\u00fclvizsg\u00e1lat\u00e1ban, valamint Fenntarthat\u00f3 Energia \u00e9s Kl\u00edma Akci\u00f3terv\u00e9nek (SECAP) kidolgoz\u00e1s\u00e1ban<\/li>\n\n\n\n<li>\u00d3zd V\u00e1ros Fenntarthat\u00f3 Energia Akci\u00f3terv\u00e9nek (SEAP) fel\u00fclvizsg\u00e1lata, valamint Fenntarthat\u00f3 Energia \u00e9s Kl\u00edma Akci\u00f3terv\u00e9nek (SECAP) kidolgoz\u00e1sa<\/li>\n\n\n\n<li>Kazinvbarcika V\u00e1ros Fenntarthat\u00f3 Energia \u00e9s Kl\u00edma Akci\u00f3terv\u00e9nek (SECAP) kidolgoz\u00e1sa<\/li>\n\n\n\n<li>Saj\u00f3szentp\u00e9ter V\u00e1ros Fenntarthat\u00f3 Energia \u00e9s Kl\u00edma Akci\u00f3terv\u00e9nek (SECAP) kidolgoz\u00e1sa<\/li>\n\n\n\n<li>Budapest F\u0151v\u00e1ros XII. ker\u00fclet Hegyvid\u00e9ki \u00d6nkorm\u00e1nyzat sz\u00e1m\u00e1ra Fenntarthat\u00f3 Energia \u00e9s Kl\u00edma Akci\u00f3terv (SECAP) kidolgoz\u00e1sa<\/li>\n<\/ul>\n\n\n\n<h2 class=\"wp-block-heading\"><strong>2017. \u00e9v<\/strong><\/h2>\n\n\n\n<ul class=\"wp-block-list\">\n<li>Kl\u00edmastrat\u00e9gia \u00e9s \u00c9ghajlatv\u00e1ltoz\u00e1si Platform l\u00e9trehoz\u00e1sa Budapesten projekt keret\u00e9ben lektor\u00e1l\u00e1si, tan\u00e1csad\u00f3i, disszemin\u00e1ci\u00f3s feladatok ell\u00e1t\u00e1s<\/li>\n<\/ul>\n\n\n\n<h2 class=\"wp-block-heading\"><strong>2015. \u00e9v<\/strong><\/h2>\n\n\n\n<ul class=\"wp-block-list\">\n<li>A KEOP-on k\u00edv\u00fcli k\u00f6z\u00f6ss\u00e9gi forr\u00e1sok felhaszn\u00e1l\u00e1s\u00e1val el\u00e9rt hazai energia \u00e9s CO2 megtakar\u00edt\u00e1sok felm\u00e9r\u00e9se (2007-2013), \u00e9s arra&nbsp;&nbsp;&nbsp;&nbsp;&nbsp;&nbsp;&nbsp; alapozottan a 2014-2020-as uni\u00f3s k\u00f6lts\u00e9gvet\u00e9si id\u0151szak megtakar\u00edt\u00e1s-elsz\u00e1mol\u00f3 modellj\u00e9nek koncepci\u00f3v\u00e1ltozata kidolgoz\u00e1sa\u201d &#8211; lakoss\u00e1gi konstrukci\u00f3k<\/li>\n\n\n\n<li>M\u0171szaki szak\u00e9rt\u0151i feladatok ell\u00e1t\u00e1sa a &#8222;Szennyv\u00edziszap hasznos\u00edt\u00e1sa az \u00f6t Region\u00e1lis V\u00edzm\u0171ben fejleszt\u00e9si projekt el\u0151k\u00e9sz\u00edt\u00e9se\u201d c\u00edm\u0171, KEOP-7.9.0\/12-2014-0001 azonos\u00edt\u00f3 sz\u00e1m\u00fa projekthez kapcsol\u00f3d\u00f3an<\/li>\n\n\n\n<li>M\u0171szaki szak\u00e9rt\u0151i feladatok ell\u00e1t\u00e1sa a &#8222;Region\u00e1lis V\u00edzm\u0171vek tervezett napenergia hasznos\u00edt\u00e1s\u00e1t c\u00e9lz\u00f3 fejleszt\u00e9si projekt el\u0151k\u00e9sz\u00edt\u00e9se\u201d c\u00edm\u0171 KEOP-7.9.0\/12-2014-0030 azonos\u00edt\u00f3 sz\u00e1m\u00fa projekthez kapcsol\u00f3d\u00f3an<\/li>\n\n\n\n<li>Z\u00f6ldgazdas\u00e1gfejleszt\u00e9si \u00e9s \u00e9ghajlatv\u00e9delmi t\u00e1rgy\u00fa projekt keret\u00e9ben szakmai \u00e9rt\u00e9kel\u0151i, tan\u00e1csad\u00f3i feladatok (KEOP-7.9.0\/12-2013-0034) ell\u00e1t\u00e1sa<\/li>\n\n\n\n<li>Z\u00f6ldgazdas\u00e1gfejleszt\u00e9si \u00e9s \u00e9ghajlatv\u00e9delmi t\u00e1rgy\u00fa projekt keret\u00e9ben (KEOP-7.9.0\/12- 2013-0034)<br>f\u00f3kuszcsoportos interj\u00fak \u00e9s szakmai workshopok megszervez\u00e9se, lebonyol\u00edt\u00e1sa<\/li>\n\n\n\n<li>Z\u00f6ldgazdas\u00e1gfejleszt\u00e9si \u00e9s \u00e9ghajlatv\u00e9delmi t\u00e1rgy\u00fa projekt keret\u00e9ben (KEOP-7.9.0\/12- 2013-0034)<br>k\u00e9pz\u00e9si koncepci\u00f3, tant\u00e1rgyi tematik\u00e1k, tantervek k\u00e9sz\u00edt\u00e9se a Z\u00f6ld Monitoring Program megalapoz\u00e1s\u00e1hoz<\/li>\n<\/ul>\n\n\n\n<h2 class=\"wp-block-heading\">2014. \u00e9v<\/h2>\n\n\n\n<ul class=\"wp-block-list\">\n<li>A m\u00e1sodik Nemzeti Energiahat\u00e9konys\u00e1gi Cselekv\u00e9si Terv (NEHCsT-2) fel\u00fclvizsg\u00e1lat\u00e1hoz \u00e9s a harmadik Nemzeti Energiahat\u00e9konys\u00e1gi Cselekv\u00e9si Terv ( NEHCsT-3) sz\u00fcks\u00e9ges energetikai h\u00e1tt\u00e9relemz\u00e9s\u00e9nek elk\u00e9sz\u00edt\u00e9se<\/li>\n\n\n\n<li>K\u00f6zrem\u0171k\u00f6d\u00e9s Magyarorsz\u00e1g Meg\u00fajul\u00f3 Energia Hasznos\u00edt\u00e1si Cselekv\u00e9si Terv (MNCST) c\u00e9l\u00e9rt\u00e9keinek fel\u00fclvizsg\u00e1lat\u00e1ban<\/li>\n\n\n\n<li>K\u00f6zrem\u0171k\u00f6d\u00e9s az \u00c9p\u00fcletrekonstrukci\u00f3s Int\u00e9zked\u00e9si Keretrendszer (\u00c9rIK) Koncepcion\u00e1lis \u00e9s Megval\u00f3s\u00edthat\u00f3s\u00e1gi Tanulm\u00e1ny\u00e1nak elk\u00e9sz\u00edt\u00e9s\u00e9ben<\/li>\n<\/ul>\n\n\n\n<h2 class=\"wp-block-heading\">2013. \u00e9v<\/h2>\n\n\n\n<ul class=\"wp-block-list\">\n<li>\u00c9rt\u00e9kel\u0151 tanulm\u00e1ny k\u00e9sz\u00edt\u00e9se az \u00e9ghajlat politika fenntarthat\u00f3s\u00e1gi \u00f6sszef\u00fcgg\u00e9seir\u0151l<\/li>\n\n\n\n<li>Az \u00e9ghajlati s\u00e9r\u00fcl\u00e9kenys\u00e9g vizsg\u00e1lathoz sz\u00fcks\u00e9ges vizsg\u00e1latok lefolytat\u00e1sa, valamint elemz\u0151-\u00e9rt\u00e9kel\u0151 tanulm\u00e1ny k\u00e9sz\u00edt\u00e9se<\/li>\n\n\n\n<li>Energetikai Int\u00e9zked\u00e9si Adatb\u00e1zis elk\u00e9sz\u00edt\u00e9se a Nemzeti Energiastrat\u00e9gia fel\u00fclvizsg\u00e1lat\u00e1hoz<\/li>\n\n\n\n<li>A ter\u00fcleti \u00e9ghajlati \u00e9rz\u00e9kenys\u00e9gi \u00e9s kitetts\u00e9gi elemz\u00e9sekhez \u00e9s \u00e9rt\u00e9kel\u00e9sekhez sz\u00fcks\u00e9ges vizsg\u00e1latok lefolytat\u00e1sa, valamint elemz\u0151-\u00e9rt\u00e9kel\u0151&nbsp;&nbsp; tanulm\u00e1ny k\u00e9sz\u00edt\u00e9se<\/li>\n<\/ul>\n\n\n\n<h2 class=\"wp-block-heading\">2012. \u00e9v<\/h2>\n\n\n\n<ul class=\"wp-block-list\">\n<li>Nemzeti Alkalmazkod\u00e1si T\u00e9rinformatikai Rendszer (NAT\u00e9R) koncepcion\u00e1lis \u00e9s megval\u00f3s\u00edthat\u00f3s\u00e1gi tanulm\u00e1ny\u00e1nak kidolgoz\u00e1sa<\/li>\n\n\n\n<li>Az EGT \u00e9s Norv\u00e9g Finansz\u00edroz\u00e1si Mechanizmusok 2009-2014-es id\u0151szaki programter\u00fcleteinek min\u0151s\u00e9gbiztos\u00edt\u00e1sa: Energiahat\u00e9konys\u00e1g \u00e9s Meg\u00fajul\u00f3 energi\u00e1k programok<\/li>\n\n\n\n<li>Hazai Dekarboniz\u00e1ci\u00f3s \u00datiterv (HDU) kidolgoz\u00e1sa<\/li>\n\n\n\n<li>Az EU2020 strat\u00e9gia kl\u00edmapolitik\u00e1val kapcsolatos szak\u00e9rt\u0151i anyagok k\u00e9sz\u00edt\u00e9se<\/li>\n<\/ul>\n\n\n\n<h2 class=\"wp-block-heading\">2011. \u00e9v<\/h2>\n\n\n\n<ul class=\"wp-block-list\">\n<li>A 2. Nemzeti Energiahat\u00e9konys\u00e1gi Cselekv\u00e9si Terv (NEEAP-2) elk\u00e9sz\u00edt\u00e9s\u00e9hez sz\u00fcks\u00e9ges h\u00e1tt\u00e9rtanulm\u00e1nyok \u00e9s sz\u00e1m\u00edt\u00e1sok<\/li>\n\n\n\n<li>Tananyagfejleszt\u00e9s: Kl\u00edmaprogramok, kl\u00edmastrat\u00e9gi\u00e1k<\/li>\n<\/ul>\n\n\n\n<h2 class=\"wp-block-heading\">2006 &#8211; 2010 k\u00f6z\u00f6tti id\u0151szak<\/h2>\n\n\n\n<ul class=\"wp-block-list\">\n<li>K\u00f6zrem\u0171k\u00f6d\u00e9s&nbsp;<em>\u201eA 2011-es magyar EU eln\u00f6ks\u00e9g &#8211; v\u00e1rosi kl\u00edmav\u00e9delem&#8221;&nbsp;<\/em>t\u00e9m\u00e1j\u00e1ban k\u00e9sz\u00fcl\u0151 k\u00e9zik\u00f6nyv kidolgoz\u00e1s\u00e1ban<\/li>\n\n\n\n<li>Az \u00e9ghajlatv\u00e1ltoz\u00e1s turizmusra gyakorolt hat\u00e1s\u00e1nak \u00e9s az alkalmazkod\u00e1s lehet\u0151s\u00e9geinek vizsg\u00e1lata<\/li>\n\n\n\n<li>K\u00f6rnyezeti vizsg\u00e1lati elemz\u00e9s \u00e9s bevezethet\u0151s\u00e9gi vizsg\u00e1lat az \u00c9ghajlatv\u00e9delmi Kerett\u00f6rv\u00e9ny tervezet\u00e9hez<\/li>\n\n\n\n<li>Az \u00e9ghajlatv\u00e1ltoz\u00e1sb\u00f3l ered\u0151 kist\u00e9rs\u00e9gi s\u00e9r\u00fcl\u00e9kenys\u00e9g vizsg\u00e1lat\u00e1hoz \u00e9ghajlati, meteorol\u00f3giai adatok, indik\u00e1torok, indexek el\u0151\u00e1ll\u00edt\u00e1sa \u00e9s feldolgoz\u00e1sa (k\u00f6zrem\u0171k\u00f6d\u00e9s a ter\u00fcletfejleszt\u00e9si politik\u00e1r\u00f3l sz\u00f3l\u00f3 2009. \u00e9vi Orsz\u00e1ggy\u0171l\u00e9si \u00f6ssze\u00e1ll\u00edt\u00e1s\u00e1ban)<\/li>\n\n\n\n<li>Kl\u00edmas\u00e9r\u00fcl\u00e9kenys\u00e9g region\u00e1lis \u00e9rt\u00e9kel\u00e9s\u00e9nek m\u00f3dszertana<\/li>\n\n\n\n<li>K\u00f6zrem\u0171k\u00f6d\u00e9s a UNFCCC 5. Nemzeti Jelent\u00e9s \u00f6ssze\u00e1ll\u00edt\u00e1s\u00e1ban<\/li>\n\n\n\n<li>Az \u00e9ghajlati s\u00e9r\u00fcl\u00e9kenys\u00e9g region\u00e1lis dimenzi\u00f3inak vizsg\u00e1lata<\/li>\n\n\n\n<li>A meg\u00fajul\u00f3 energi\u00e1k ter\u00fcleti \u00e9rt\u00e9kel\u00e9s\u00e9nek T-MER rendszerbe illeszthet\u0151 m\u00f3dszertan\u00e1nak kialak\u00edt\u00e1sa<\/li>\n\n\n\n<li>K\u00f6zrem\u0171k\u00f6d\u00e9s a kis- \u00e9s k\u00f6z\u00e9pv\u00e1llalkoz\u00e1sok tev\u00e9kenys\u00e9g\u00e9nek fellend\u00edt\u00e9s\u00e9hez kapcsolatos garanciakonstrukci\u00f3k kidolgoz\u00e1s\u00e1ban az energiatakar\u00e9koss\u00e1g, a meg\u00fajul\u00f3 energiahordoz\u00f3k \u00e9s a k\u00f6rnyezetir\u00e1ny\u00edt\u00e1si rendszerek ter\u00fclet\u00e9n<\/li>\n\n\n\n<li>\u00c9ghajlatv\u00e1ltoz\u00e1sb\u00f3l ered\u0151 kist\u00e9rs\u00e9gi kock\u00e1zatok, ter\u00fcleti \u00e9rz\u00e9kenys\u00e9g \u00e9s alkalmazkod\u00f3 k\u00e9pess\u00e9g t\u00e9rs\u00e9gi vizsg\u00e1lati m\u00f3dszertan\u00e1nak kialak\u00edt\u00e1sa<\/li>\n\n\n\n<li>ENEREGIO projekt: A fenntarthat\u00f3 \u00e9s biztons\u00e1gos kist\u00e9rs\u00e9gi energiagazd\u00e1lkod\u00e1s vizsg\u00e1lata az energiatakar\u00e9koss\u00e1g \u00e9s meg\u00fajul\u00f3 energiaforr\u00e1sok optimaliz\u00e1l\u00e1s\u00e1val<\/li>\n\n\n\n<li>CLAVIER projekt: Climate Change and Variability: Impact in Central and Eastern Europe<\/li>\n\n\n\n<li>HAGRID projekt: \u00daj gener\u00e1ci\u00f3s grid technol\u00f3gi\u00e1k kifejleszt\u00e9se \u00e9s meteorol\u00f3giai alkalmaz\u00e1sa a k\u00f6rnyezetv\u00e9delemben \u00e9s az \u00e9p\u00fcletenergetik\u00e1ban (Kutat\u00e1sfejleszt\u00e9si P\u00e1ly\u00e1zati \u00e9s Kutat\u00e1shasznos\u00edt\u00e1si Iroda megb\u00edz\u00e1s\u00e1b\u00f3l) el\u0151z\u0151 \u00e9vekb\u0151l \u00e1tny\u00fal\u00f3 munka<\/li>\n\n\n\n<li>KL\u00cdMADINAMIKA projekt: Magyarorsz\u00e1g \u00e9ghajlat\u00e1nak dinamikai vizsg\u00e1lata \u00e9s a numerikus modelleken alapul\u00f3 region\u00e1lis kl\u00edma-el\u0151rejelz\u00e9sek m\u00f3dszertan\u00e1nak megalapoz\u00e1sa<\/li>\n\n\n\n<li>&#8222;\u00c9ghajlatv\u00e1ltoz\u00e1s, kl\u00edmakutat\u00e1s &#8211; 2007&#8221; c\u00edm\u0171 kiadv\u00e1ny szakmai el\u0151k\u00e9sz\u00edt\u00e9se<\/li>\n\n\n\n<li>K\u00f6zrem\u0171k\u00f6d\u00e9s a Nemzeti \u00c9ghajlatv\u00e1ltoz\u00e1si Strat\u00e9gia szakmai egyeztet\u00e9si folyamat\u00e1ban: a r\u00e9sztanulm\u00e1nyok min\u0151s\u00e9gbiztos\u00edt\u00e1sa, interj\u00fak lebonyol\u00edt\u00e1sa<\/li>\n\n\n\n<li>CARBON-PRO projekt: Carbon balance drafting and new resources management tools according to Kyoto Protocol (szak\u00e9rt\u0151i k\u00f6zrem\u0171k\u00f6d\u00e9s)<\/li>\n<\/ul>\n\n\n\n<h2 class=\"wp-block-heading\">2001 &#8211; 2005&nbsp;k\u00f6z\u00f6tti id\u0151szak<\/h2>\n\n\n\n<ul class=\"wp-block-list\">\n<li>Tanulm\u00e1ny k\u00e9sz\u00edt\u00e9se a&nbsp;<em>&#8222;Strat\u00e9giai k\u00f6rnyezeti vizsg\u00e1latok kl\u00edma elemei&#8221;&nbsp;<\/em>t\u00e9mak\u00f6r\u00e9ben<\/li>\n\n\n\n<li>CLIMPAQ projekt: a K\u00e1rp\u00e1t-medence \u00e9ghajlat\u00e1nak tendenci\u00e1i \u00e9s ezek lehets\u00e9ges hat\u00e1sa a leveg\u0151min\u0151s\u00e9g alakul\u00e1s\u00e1ra<\/li>\n\n\n\n<li>A F\u0171zf\u0151i Er\u0151m\u0171 Kft biomassza t\u00fczel\u00e9sre t\u00f6rt\u00e9n\u0151 \u00e1t\u00e1ll\u00e1s\u00e1hoz \u00e9s az ezzel j\u00e1r\u00f3 sz\u00e9n-dioxid kibocs\u00e1t\u00e1s-cs\u00f6kkent\u00e9s \u00e9rt\u00e9kes\u00edt\u00e9s\u00e9hez k\u00e9sz\u00edtett Project Design Document kidolgoz\u00e1sa (szak\u00e9rt\u0151i k\u00f6zrem\u0171k\u00f6d\u00e9s)<\/li>\n\n\n\n<li>INFOKL\u00cdMA &#8211; Kl\u00edmav\u00e9delmi Inform\u00e1ci\u00f3s Rendszer kifejleszt\u00e9se \u00e9s k\u00f6zc\u00e9l\u00fa WEB-es megjelen\u00edt\u00e9se<\/li>\n\n\n\n<li>A kl\u00edmav\u00e9delem nemzetk\u00f6zi kereskedelmi \u00e9s beruh\u00e1z\u00e1si mechanizmus\u00e1ban (egy\u00fcttes v\u00e9grehajt\u00e1sban) val\u00f3 hazai r\u00e9szv\u00e9tel strat\u00e9gi\u00e1ja<\/li>\n\n\n\n<li>A kl\u00edmav\u00e9delem \u00e1llami feladatk\u00f6rbe es\u0151 szab\u00e1lyoz\u00e1s\u00e1nak lehet\u0151s\u00e9gei: A Kiot\u00f3i Jegyz\u0151k\u00f6nyvh\u00f6z val\u00f3 csatlakoz\u00e1s el\u0151k\u00e9sz\u00edt\u00e9se<\/li>\n<\/ul>\n","protected":false},"excerpt":{"rendered":"<p>2024. \u00e9v 2023. \u00e9v 2022. \u00e9v 2021. \u00e9v 2020. \u00e9v 2019. \u00e9v 2018. \u00e9v 2017. \u00e9v 2015. \u00e9v 2014. \u00e9v 2013. \u00e9v 2012. \u00e9v 2011. \u00e9v 2006 &#8211; 2010 k\u00f6z\u00f6tti id\u0151szak 2001 &#8211; 2005&nbsp;k\u00f6z\u00f6tti id\u0151szak<\/p>\n","protected":false},"featured_media":0,"parent":0,"template":"","class_list":["post-242","referenciaink","type-referenciaink","status-publish","hentry"],"yoast_head":"<!-- This site is optimized with the Yoast SEO plugin v23.9 - https:\/\/yoast.com\/wordpress\/plugins\/seo\/ -->\n<title>\u00c9ghajlatv\u00e9delem \u00e9s az energiagazd\u00e1lkod\u00e1s - Env-in-Cent<\/title>\n<meta name=\"robots\" content=\"noindex, follow, max-snippet:-1, max-image-preview:large, max-video-preview:-1\" \/>\n<meta property=\"og:locale\" content=\"en_GB\" \/>\n<meta property=\"og:type\" content=\"article\" \/>\n<meta property=\"og:title\" content=\"\u00c9ghajlatv\u00e9delem \u00e9s az energiagazd\u00e1lkod\u00e1s - Env-in-Cent\" \/>\n<meta property=\"og:description\" content=\"2024. \u00e9v 2023. \u00e9v 2022. \u00e9v 2021. \u00e9v 2020. \u00e9v 2019. \u00e9v 2018. \u00e9v 2017. \u00e9v 2015. \u00e9v 2014. \u00e9v 2013. \u00e9v 2012. \u00e9v 2011. \u00e9v 2006 &#8211; 2010 k\u00f6z\u00f6tti id\u0151szak 2001 &#8211; 2005&nbsp;k\u00f6z\u00f6tti id\u0151szak\" \/>\n<meta property=\"og:url\" content=\"https:\/\/env-in-cent.hu\/en\/references\/fields-of-climate-change-and-energy\/\" \/>\n<meta property=\"og:site_name\" content=\"Env-in-Cent\" \/>\n<meta property=\"article:modified_time\" content=\"2024-12-14T12:08:27+00:00\" \/>\n<meta name=\"twitter:card\" content=\"summary_large_image\" \/>\n<meta name=\"twitter:label1\" content=\"Estimated reading time\" \/>\n\t<meta name=\"twitter:data1\" content=\"5 minutes\" \/>\n<script type=\"application\/ld+json\" class=\"yoast-schema-graph\">{\"@context\":\"https:\/\/schema.org\",\"@graph\":[{\"@type\":\"WebPage\",\"@id\":\"https:\/\/env-in-cent.hu\/referenciaink\/eghajlatvedelem-es-az-energiagazdalkodas\/\",\"url\":\"https:\/\/env-in-cent.hu\/referenciaink\/eghajlatvedelem-es-az-energiagazdalkodas\/\",\"name\":\"\u00c9ghajlatv\u00e9delem \u00e9s az energiagazd\u00e1lkod\u00e1s - Env-in-Cent\",\"isPartOf\":{\"@id\":\"https:\/\/env-in-cent.hu\/#website\"},\"datePublished\":\"2024-11-29T12:32:52+00:00\",\"dateModified\":\"2024-12-14T12:08:27+00:00\",\"breadcrumb\":{\"@id\":\"https:\/\/env-in-cent.hu\/referenciaink\/eghajlatvedelem-es-az-energiagazdalkodas\/#breadcrumb\"},\"inLanguage\":\"en-GB\",\"potentialAction\":[{\"@type\":\"ReadAction\",\"target\":[\"https:\/\/env-in-cent.hu\/referenciaink\/eghajlatvedelem-es-az-energiagazdalkodas\/\"]}]},{\"@type\":\"BreadcrumbList\",\"@id\":\"https:\/\/env-in-cent.hu\/referenciaink\/eghajlatvedelem-es-az-energiagazdalkodas\/#breadcrumb\",\"itemListElement\":[{\"@type\":\"ListItem\",\"position\":1,\"name\":\"Kezd\u0151lap\",\"item\":\"https:\/\/env-in-cent.hu\/\"},{\"@type\":\"ListItem\",\"position\":2,\"name\":\"Referenci\u00e1ink\",\"item\":\"https:\/\/env-in-cent.hu\/referenciaink\/\"},{\"@type\":\"ListItem\",\"position\":3,\"name\":\"\u00c9ghajlatv\u00e9delem \u00e9s az energiagazd\u00e1lkod\u00e1s\"}]},{\"@type\":\"WebSite\",\"@id\":\"https:\/\/env-in-cent.hu\/#website\",\"url\":\"https:\/\/env-in-cent.hu\/\",\"name\":\"Env-in-Cent\",\"description\":\"Env-in-Cent K\u00f6rnyezetv\u00e9delmi Tan\u00e1csad\u00f3 Iroda Kft.\",\"publisher\":{\"@id\":\"https:\/\/env-in-cent.hu\/#organization\"},\"potentialAction\":[{\"@type\":\"SearchAction\",\"target\":{\"@type\":\"EntryPoint\",\"urlTemplate\":\"https:\/\/env-in-cent.hu\/?s={search_term_string}\"},\"query-input\":{\"@type\":\"PropertyValueSpecification\",\"valueRequired\":true,\"valueName\":\"search_term_string\"}}],\"inLanguage\":\"en-GB\"},{\"@type\":\"Organization\",\"@id\":\"https:\/\/env-in-cent.hu\/#organization\",\"name\":\"Env-in-Cent\",\"url\":\"https:\/\/env-in-cent.hu\/\",\"logo\":{\"@type\":\"ImageObject\",\"inLanguage\":\"en-GB\",\"@id\":\"https:\/\/env-in-cent.hu\/#\/schema\/logo\/image\/\",\"url\":\"https:\/\/env-in-cent.hu\/wp-content\/uploads\/2024\/11\/logo.jpg\",\"contentUrl\":\"https:\/\/env-in-cent.hu\/wp-content\/uploads\/2024\/11\/logo.jpg\",\"width\":170,\"height\":62,\"caption\":\"Env-in-Cent\"},\"image\":{\"@id\":\"https:\/\/env-in-cent.hu\/#\/schema\/logo\/image\/\"}}]}<\/script>\n<!-- \/ Yoast SEO plugin. -->","yoast_head_json":{"title":"\u00c9ghajlatv\u00e9delem \u00e9s az energiagazd\u00e1lkod\u00e1s - Env-in-Cent","robots":{"index":"noindex","follow":"follow","max-snippet":"max-snippet:-1","max-image-preview":"max-image-preview:large","max-video-preview":"max-video-preview:-1"},"og_locale":"en_GB","og_type":"article","og_title":"\u00c9ghajlatv\u00e9delem \u00e9s az energiagazd\u00e1lkod\u00e1s - Env-in-Cent","og_description":"2024. \u00e9v 2023. \u00e9v 2022. \u00e9v 2021. \u00e9v 2020. \u00e9v 2019. \u00e9v 2018. \u00e9v 2017. \u00e9v 2015. \u00e9v 2014. \u00e9v 2013. \u00e9v 2012. \u00e9v 2011. \u00e9v 2006 &#8211; 2010 k\u00f6z\u00f6tti id\u0151szak 2001 &#8211; 2005&nbsp;k\u00f6z\u00f6tti id\u0151szak","og_url":"https:\/\/env-in-cent.hu\/en\/references\/fields-of-climate-change-and-energy\/","og_site_name":"Env-in-Cent","article_modified_time":"2024-12-14T12:08:27+00:00","twitter_card":"summary_large_image","twitter_misc":{"Estimated reading time":"5 minutes"},"schema":{"@context":"https:\/\/schema.org","@graph":[{"@type":"WebPage","@id":"https:\/\/env-in-cent.hu\/referenciaink\/eghajlatvedelem-es-az-energiagazdalkodas\/","url":"https:\/\/env-in-cent.hu\/referenciaink\/eghajlatvedelem-es-az-energiagazdalkodas\/","name":"\u00c9ghajlatv\u00e9delem \u00e9s az energiagazd\u00e1lkod\u00e1s - Env-in-Cent","isPartOf":{"@id":"https:\/\/env-in-cent.hu\/#website"},"datePublished":"2024-11-29T12:32:52+00:00","dateModified":"2024-12-14T12:08:27+00:00","breadcrumb":{"@id":"https:\/\/env-in-cent.hu\/referenciaink\/eghajlatvedelem-es-az-energiagazdalkodas\/#breadcrumb"},"inLanguage":"en-GB","potentialAction":[{"@type":"ReadAction","target":["https:\/\/env-in-cent.hu\/referenciaink\/eghajlatvedelem-es-az-energiagazdalkodas\/"]}]},{"@type":"BreadcrumbList","@id":"https:\/\/env-in-cent.hu\/referenciaink\/eghajlatvedelem-es-az-energiagazdalkodas\/#breadcrumb","itemListElement":[{"@type":"ListItem","position":1,"name":"Kezd\u0151lap","item":"https:\/\/env-in-cent.hu\/"},{"@type":"ListItem","position":2,"name":"Referenci\u00e1ink","item":"https:\/\/env-in-cent.hu\/referenciaink\/"},{"@type":"ListItem","position":3,"name":"\u00c9ghajlatv\u00e9delem \u00e9s az energiagazd\u00e1lkod\u00e1s"}]},{"@type":"WebSite","@id":"https:\/\/env-in-cent.hu\/#website","url":"https:\/\/env-in-cent.hu\/","name":"Env-in-Cent","description":"Env-in-Cent K\u00f6rnyezetv\u00e9delmi Tan\u00e1csad\u00f3 Iroda Kft.","publisher":{"@id":"https:\/\/env-in-cent.hu\/#organization"},"potentialAction":[{"@type":"SearchAction","target":{"@type":"EntryPoint","urlTemplate":"https:\/\/env-in-cent.hu\/?s={search_term_string}"},"query-input":{"@type":"PropertyValueSpecification","valueRequired":true,"valueName":"search_term_string"}}],"inLanguage":"en-GB"},{"@type":"Organization","@id":"https:\/\/env-in-cent.hu\/#organization","name":"Env-in-Cent","url":"https:\/\/env-in-cent.hu\/","logo":{"@type":"ImageObject","inLanguage":"en-GB","@id":"https:\/\/env-in-cent.hu\/#\/schema\/logo\/image\/","url":"https:\/\/env-in-cent.hu\/wp-content\/uploads\/2024\/11\/logo.jpg","contentUrl":"https:\/\/env-in-cent.hu\/wp-content\/uploads\/2024\/11\/logo.jpg","width":170,"height":62,"caption":"Env-in-Cent"},"image":{"@id":"https:\/\/env-in-cent.hu\/#\/schema\/logo\/image\/"}}]}},"_links":{"self":[{"href":"https:\/\/env-in-cent.hu\/en\/wp-json\/wp\/v2\/referenciaink\/242","targetHints":{"allow":["GET"]}}],"collection":[{"href":"https:\/\/env-in-cent.hu\/en\/wp-json\/wp\/v2\/referenciaink"}],"about":[{"href":"https:\/\/env-in-cent.hu\/en\/wp-json\/wp\/v2\/types\/referenciaink"}],"wp:attachment":[{"href":"https:\/\/env-in-cent.hu\/en\/wp-json\/wp\/v2\/media?parent=242"}],"curies":[{"name":"wp","href":"https:\/\/api.w.org\/{rel}","templated":true}]}}